{"id":392,"date":"2017-11-10T10:00:02","date_gmt":"2017-11-10T09:00:02","guid":{"rendered":"http:\/\/mobil.schuetzenverein-damaschke.de\/?page_id=392"},"modified":"2017-11-10T10:29:57","modified_gmt":"2017-11-10T09:29:57","slug":"bildergalerie","status":"publish","type":"page","link":"http:\/\/mobil.schuetzenverein-damaschke.de\/?page_id=392","title":{"rendered":"Unsere Ausstattung"},"content":{"rendered":"<!-- index.php -->\n<div\n\tclass=\"ngg-galleryoverview ngg-ajax-pagination-none\"\n\tid=\"ngg-gallery-f7f2462e2b486925648d414034a04f09-1\">\n\n    \t<div class=\"slideshowlink\">\n        <a href='http:\/\/mobil.schuetzenverein-damaschke.de\/index.php\/nggallery\/slideshow?page_id=392'>&#091;Zeige eine Slideshow&#093;<\/a>\n\t\t\n\t<\/div>\n\t\t\t<!-- Thumbnails -->\n\t\t\t\t<div id=\"ngg-image-0\" class=\"ngg-gallery-thumbnail-box\" >\n\t\t\t\t        <div class=\"ngg-gallery-thumbnail\">\n            <a href=\"http:\/\/mobil.schuetzenverein-damaschke.de\/wp-content\/gallery\/foto-galerie\/ausstattungarmbrust.jpg\"\n               title=\"Die Armbrust ist ein Geschenk von unseren freunden aus Marienberg.\"\n               data-src=\"http:\/\/mobil.schuetzenverein-damaschke.de\/wp-content\/gallery\/foto-galerie\/ausstattungarmbrust.jpg\"\n               data-thumbnail=\"http:\/\/mobil.schuetzenverein-damaschke.de\/wp-content\/gallery\/foto-galerie\/thumbs\/thumbs_ausstattungarmbrust.jpg\"\n               data-image-id=\"1\"\n               data-title=\"Armbrust\"\n               data-description=\"Die Armbrust ist ein Geschenk von unseren freunden aus Marienberg.\"\n               data-image-slug=\"ausstattungarmbrust\"\n               class=\"ngg-fancybox\" rel=\"f7f2462e2b486925648d414034a04f09\">\n                <img\n                    title=\"Armbrust\"\n                    alt=\"Armbrust\"\n                    src=\"http:\/\/mobil.schuetzenverein-damaschke.de\/wp-content\/gallery\/foto-galerie\/thumbs\/thumbs_ausstattungarmbrust.jpg\"\n                    width=\"240\"\n                    height=\"160\"\n                    style=\"max-width:100%;\"\n                \/>\n            <\/a>\n        <\/div>\n\t\t\t\t\t\t\t<\/div> \n\t\t\t\n        \n\t\t\t\t<div id=\"ngg-image-1\" class=\"ngg-gallery-thumbnail-box\" >\n\t\t\t\t        <div class=\"ngg-gallery-thumbnail\">\n            <a href=\"http:\/\/mobil.schuetzenverein-damaschke.de\/wp-content\/gallery\/foto-galerie\/ausstattungausgehkette.jpg\"\n               title=\"Die Ausgehkette tragen unsere K\u00f6nige bei Abordnungen und anderen Veranstaltungen.\"\n               data-src=\"http:\/\/mobil.schuetzenverein-damaschke.de\/wp-content\/gallery\/foto-galerie\/ausstattungausgehkette.jpg\"\n               data-thumbnail=\"http:\/\/mobil.schuetzenverein-damaschke.de\/wp-content\/gallery\/foto-galerie\/thumbs\/thumbs_ausstattungausgehkette.jpg\"\n               data-image-id=\"2\"\n               data-title=\"Ausgehkette\"\n               data-description=\"Die Ausgehkette tragen unsere K\u00f6nige bei Abordnungen und anderen Veranstaltungen.\"\n               data-image-slug=\"ausstattungausgehkette\"\n               class=\"ngg-fancybox\" rel=\"f7f2462e2b486925648d414034a04f09\">\n                <img\n                    title=\"Ausgehkette\"\n                    alt=\"Ausgehkette\"\n                    src=\"http:\/\/mobil.schuetzenverein-damaschke.de\/wp-content\/gallery\/foto-galerie\/thumbs\/thumbs_ausstattungausgehkette.jpg\"\n                    width=\"240\"\n                    height=\"160\"\n                    style=\"max-width:100%;\"\n                \/>\n            <\/a>\n        <\/div>\n\t\t\t\t\t\t\t<\/div> \n\t\t\t\n        \n\t\t\t\t<div id=\"ngg-image-2\" class=\"ngg-gallery-thumbnail-box\" >\n\t\t\t\t        <div class=\"ngg-gallery-thumbnail\">\n            <a href=\"http:\/\/mobil.schuetzenverein-damaschke.de\/wp-content\/gallery\/foto-galerie\/ausstattungdiadem.jpg\"\n               title=\"Das K\u00f6niginnen-Diadem, gestiftet von unserer ersten K\u00f6nigin 1952.\"\n               data-src=\"http:\/\/mobil.schuetzenverein-damaschke.de\/wp-content\/gallery\/foto-galerie\/ausstattungdiadem.jpg\"\n               data-thumbnail=\"http:\/\/mobil.schuetzenverein-damaschke.de\/wp-content\/gallery\/foto-galerie\/thumbs\/thumbs_ausstattungdiadem.jpg\"\n               data-image-id=\"3\"\n               data-title=\"Diadem\"\n               data-description=\"Das K\u00f6niginnen-Diadem, gestiftet von unserer ersten K\u00f6nigin 1952.\"\n               data-image-slug=\"ausstattungdiadem\"\n               class=\"ngg-fancybox\" rel=\"f7f2462e2b486925648d414034a04f09\">\n                <img\n                    title=\"Diadem\"\n                    alt=\"Diadem\"\n                    src=\"http:\/\/mobil.schuetzenverein-damaschke.de\/wp-content\/gallery\/foto-galerie\/thumbs\/thumbs_ausstattungdiadem.jpg\"\n                    width=\"240\"\n                    height=\"160\"\n                    style=\"max-width:100%;\"\n                \/>\n            <\/a>\n        <\/div>\n\t\t\t\t\t\t\t<\/div> \n\t\t\t\n        \n\t\t\t\t<div id=\"ngg-image-3\" class=\"ngg-gallery-thumbnail-box\" >\n\t\t\t\t        <div class=\"ngg-gallery-thumbnail\">\n            <a href=\"http:\/\/mobil.schuetzenverein-damaschke.de\/wp-content\/gallery\/foto-galerie\/ausstattungfahnehinten.jpg\"\n               title=\"R\u00fcckseite\"\n               data-src=\"http:\/\/mobil.schuetzenverein-damaschke.de\/wp-content\/gallery\/foto-galerie\/ausstattungfahnehinten.jpg\"\n               data-thumbnail=\"http:\/\/mobil.schuetzenverein-damaschke.de\/wp-content\/gallery\/foto-galerie\/thumbs\/thumbs_ausstattungfahnehinten.jpg\"\n               data-image-id=\"4\"\n               data-title=\"Fahne\"\n               data-description=\"R\u00fcckseite\"\n               data-image-slug=\"ausstattungfahnehinten\"\n               class=\"ngg-fancybox\" rel=\"f7f2462e2b486925648d414034a04f09\">\n                <img\n                    title=\"Fahne\"\n                    alt=\"Fahne\"\n                    src=\"http:\/\/mobil.schuetzenverein-damaschke.de\/wp-content\/gallery\/foto-galerie\/thumbs\/thumbs_ausstattungfahnehinten.jpg\"\n                    width=\"240\"\n                    height=\"160\"\n                    style=\"max-width:100%;\"\n                \/>\n            <\/a>\n        <\/div>\n\t\t\t\t\t\t\t<\/div> \n\t\t\t\n        \n\t\t\t\t<div id=\"ngg-image-4\" class=\"ngg-gallery-thumbnail-box\" >\n\t\t\t\t        <div class=\"ngg-gallery-thumbnail\">\n            <a href=\"http:\/\/mobil.schuetzenverein-damaschke.de\/wp-content\/gallery\/foto-galerie\/ausstattungfahnevorne.jpg\"\n               title=\"Vorderseite\"\n               data-src=\"http:\/\/mobil.schuetzenverein-damaschke.de\/wp-content\/gallery\/foto-galerie\/ausstattungfahnevorne.jpg\"\n               data-thumbnail=\"http:\/\/mobil.schuetzenverein-damaschke.de\/wp-content\/gallery\/foto-galerie\/thumbs\/thumbs_ausstattungfahnevorne.jpg\"\n               data-image-id=\"5\"\n               data-title=\"Fahne\"\n               data-description=\"Vorderseite\"\n               data-image-slug=\"ausstattungfahnevorne\"\n               class=\"ngg-fancybox\" rel=\"f7f2462e2b486925648d414034a04f09\">\n                <img\n                    title=\"Fahne\"\n                    alt=\"Fahne\"\n                    src=\"http:\/\/mobil.schuetzenverein-damaschke.de\/wp-content\/gallery\/foto-galerie\/thumbs\/thumbs_ausstattungfahnevorne.jpg\"\n                    width=\"240\"\n                    height=\"160\"\n                    style=\"max-width:100%;\"\n                \/>\n            <\/a>\n        <\/div>\n\t\t\t\t\t\t\t<\/div> \n\t\t\t\n        \n\t\t\t\t<div id=\"ngg-image-5\" class=\"ngg-gallery-thumbnail-box\" >\n\t\t\t\t        <div class=\"ngg-gallery-thumbnail\">\n            <a href=\"http:\/\/mobil.schuetzenverein-damaschke.de\/wp-content\/gallery\/foto-galerie\/ausstattungjunggesellenkette.jpg\"\n               title=\"Die Kette f\u00fcr unsere(n) Junggesellenk\u00f6nig(in).\"\n               data-src=\"http:\/\/mobil.schuetzenverein-damaschke.de\/wp-content\/gallery\/foto-galerie\/ausstattungjunggesellenkette.jpg\"\n               data-thumbnail=\"http:\/\/mobil.schuetzenverein-damaschke.de\/wp-content\/gallery\/foto-galerie\/thumbs\/thumbs_ausstattungjunggesellenkette.jpg\"\n               data-image-id=\"6\"\n               data-title=\"Junggesellenkette\"\n               data-description=\"Die Kette f\u00fcr unsere(n) Junggesellenk\u00f6nig(in).\"\n               data-image-slug=\"ausstattungjunggesellenkette\"\n               class=\"ngg-fancybox\" rel=\"f7f2462e2b486925648d414034a04f09\">\n                <img\n                    title=\"Junggesellenkette\"\n                    alt=\"Junggesellenkette\"\n                    src=\"http:\/\/mobil.schuetzenverein-damaschke.de\/wp-content\/gallery\/foto-galerie\/thumbs\/thumbs_ausstattungjunggesellenkette.jpg\"\n                    width=\"240\"\n                    height=\"160\"\n                    style=\"max-width:100%;\"\n                \/>\n            <\/a>\n        <\/div>\n\t\t\t\t\t\t\t<\/div> \n\t\t\t\n        \n\t\t\t\t<div id=\"ngg-image-6\" class=\"ngg-gallery-thumbnail-box\" >\n\t\t\t\t        <div class=\"ngg-gallery-thumbnail\">\n            <a href=\"http:\/\/mobil.schuetzenverein-damaschke.de\/wp-content\/gallery\/foto-galerie\/ausstattungkaiserpokal.jpg\"\n               title=\"Der Kaiserpokal ist ein Wanderpokal.\"\n               data-src=\"http:\/\/mobil.schuetzenverein-damaschke.de\/wp-content\/gallery\/foto-galerie\/ausstattungkaiserpokal.jpg\"\n               data-thumbnail=\"http:\/\/mobil.schuetzenverein-damaschke.de\/wp-content\/gallery\/foto-galerie\/thumbs\/thumbs_ausstattungkaiserpokal.jpg\"\n               data-image-id=\"7\"\n               data-title=\"Kaiserpokal\"\n               data-description=\"Der Kaiserpokal ist ein Wanderpokal.\"\n               data-image-slug=\"ausstattungkaiserpokal\"\n               class=\"ngg-fancybox\" rel=\"f7f2462e2b486925648d414034a04f09\">\n                <img\n                    title=\"Kaiserpokal\"\n                    alt=\"Kaiserpokal\"\n                    src=\"http:\/\/mobil.schuetzenverein-damaschke.de\/wp-content\/gallery\/foto-galerie\/thumbs\/thumbs_ausstattungkaiserpokal.jpg\"\n                    width=\"240\"\n                    height=\"160\"\n                    style=\"max-width:100%;\"\n                \/>\n            <\/a>\n        <\/div>\n\t\t\t\t\t\t\t<\/div> \n\t\t\t\n        \n\t\t\t\t<div id=\"ngg-image-7\" class=\"ngg-gallery-thumbnail-box\" >\n\t\t\t\t        <div class=\"ngg-gallery-thumbnail\">\n            <a href=\"http:\/\/mobil.schuetzenverein-damaschke.de\/wp-content\/gallery\/foto-galerie\/ausstattungkoeniginkette.jpg\"\n               title=\"Die Kette der K\u00f6nigin. Eine Stiftung des Offizierscorps.\"\n               data-src=\"http:\/\/mobil.schuetzenverein-damaschke.de\/wp-content\/gallery\/foto-galerie\/ausstattungkoeniginkette.jpg\"\n               data-thumbnail=\"http:\/\/mobil.schuetzenverein-damaschke.de\/wp-content\/gallery\/foto-galerie\/thumbs\/thumbs_ausstattungkoeniginkette.jpg\"\n               data-image-id=\"8\"\n               data-title=\"K\u00f6niginkette\"\n               data-description=\"Die Kette der K\u00f6nigin. Eine Stiftung des Offizierscorps.\"\n               data-image-slug=\"ausstattungkoeniginkette\"\n               class=\"ngg-fancybox\" rel=\"f7f2462e2b486925648d414034a04f09\">\n                <img\n                    title=\"K\u00f6niginkette\"\n                    alt=\"K\u00f6niginkette\"\n                    src=\"http:\/\/mobil.schuetzenverein-damaschke.de\/wp-content\/gallery\/foto-galerie\/thumbs\/thumbs_ausstattungkoeniginkette.jpg\"\n                    width=\"240\"\n                    height=\"160\"\n                    style=\"max-width:100%;\"\n                \/>\n            <\/a>\n        <\/div>\n\t\t\t\t\t\t\t<\/div> \n\t\t\t\n        \n\t\t\t\t<div id=\"ngg-image-8\" class=\"ngg-gallery-thumbnail-box\" >\n\t\t\t\t        <div class=\"ngg-gallery-thumbnail\">\n            <a href=\"http:\/\/mobil.schuetzenverein-damaschke.de\/wp-content\/gallery\/foto-galerie\/ausstattungkoenigskette.jpg\"\n               title=\"Die K\u00f6nigskette, mit den Plaketten aller bisherigen K\u00f6nige, wird zu Jubelfesten und unserem eigenen Sch\u00fctzenfest getragen.\"\n               data-src=\"http:\/\/mobil.schuetzenverein-damaschke.de\/wp-content\/gallery\/foto-galerie\/ausstattungkoenigskette.jpg\"\n               data-thumbnail=\"http:\/\/mobil.schuetzenverein-damaschke.de\/wp-content\/gallery\/foto-galerie\/thumbs\/thumbs_ausstattungkoenigskette.jpg\"\n               data-image-id=\"9\"\n               data-title=\"K\u00f6nigskette\"\n               data-description=\"Die K\u00f6nigskette, mit den Plaketten aller bisherigen K\u00f6nige, wird zu Jubelfesten und unserem eigenen Sch\u00fctzenfest getragen.\"\n               data-image-slug=\"ausstattungkoenigskette\"\n               class=\"ngg-fancybox\" rel=\"f7f2462e2b486925648d414034a04f09\">\n                <img\n                    title=\"K\u00f6nigskette\"\n                    alt=\"K\u00f6nigskette\"\n                    src=\"http:\/\/mobil.schuetzenverein-damaschke.de\/wp-content\/gallery\/foto-galerie\/thumbs\/thumbs_ausstattungkoenigskette.jpg\"\n                    width=\"240\"\n                    height=\"160\"\n                    style=\"max-width:100%;\"\n                \/>\n            <\/a>\n        <\/div>\n\t\t\t\t\t\t\t<\/div> \n\t\t\t\n        \n\t\t\t\t<div id=\"ngg-image-9\" class=\"ngg-gallery-thumbnail-box\" >\n\t\t\t\t        <div class=\"ngg-gallery-thumbnail\">\n            <a href=\"http:\/\/mobil.schuetzenverein-damaschke.de\/wp-content\/gallery\/foto-galerie\/ausstattungprachtvogel.jpg\"\n               title=\"Der Prachtvogel, auch ein Geschenk aus Marienberg, h\u00e4ngt beim Sch\u00fctzenfest \u00fcber dem Thron.\"\n               data-src=\"http:\/\/mobil.schuetzenverein-damaschke.de\/wp-content\/gallery\/foto-galerie\/ausstattungprachtvogel.jpg\"\n               data-thumbnail=\"http:\/\/mobil.schuetzenverein-damaschke.de\/wp-content\/gallery\/foto-galerie\/thumbs\/thumbs_ausstattungprachtvogel.jpg\"\n               data-image-id=\"10\"\n               data-title=\"Prachtvogel\"\n               data-description=\"Der Prachtvogel, auch ein Geschenk aus Marienberg, h\u00e4ngt beim Sch\u00fctzenfest \u00fcber dem Thron.\"\n               data-image-slug=\"ausstattungprachtvogel\"\n               class=\"ngg-fancybox\" rel=\"f7f2462e2b486925648d414034a04f09\">\n                <img\n                    title=\"Prachtvogel\"\n                    alt=\"Prachtvogel\"\n                    src=\"http:\/\/mobil.schuetzenverein-damaschke.de\/wp-content\/gallery\/foto-galerie\/thumbs\/thumbs_ausstattungprachtvogel.jpg\"\n                    width=\"240\"\n                    height=\"160\"\n                    style=\"max-width:100%;\"\n                \/>\n            <\/a>\n        <\/div>\n\t\t\t\t\t\t\t<\/div> \n\t\t\t\n        \n\t\t\t\t<div id=\"ngg-image-10\" class=\"ngg-gallery-thumbnail-box\" >\n\t\t\t\t        <div class=\"ngg-gallery-thumbnail\">\n            <a href=\"http:\/\/mobil.schuetzenverein-damaschke.de\/wp-content\/gallery\/foto-galerie\/ausstattungpraesidentenkette.jpg\"\n               title=\"Die Amtskette des Pr\u00e4sidenten.\"\n               data-src=\"http:\/\/mobil.schuetzenverein-damaschke.de\/wp-content\/gallery\/foto-galerie\/ausstattungpraesidentenkette.jpg\"\n               data-thumbnail=\"http:\/\/mobil.schuetzenverein-damaschke.de\/wp-content\/gallery\/foto-galerie\/thumbs\/thumbs_ausstattungpraesidentenkette.jpg\"\n               data-image-id=\"11\"\n               data-title=\"Pr\u00e4sidentenkette\"\n               data-description=\"Die Amtskette des Pr\u00e4sidenten.\"\n               data-image-slug=\"ausstattungpraesidentenkette\"\n               class=\"ngg-fancybox\" rel=\"f7f2462e2b486925648d414034a04f09\">\n                <img\n                    title=\"Pr\u00e4sidentenkette\"\n                    alt=\"Pr\u00e4sidentenkette\"\n                    src=\"http:\/\/mobil.schuetzenverein-damaschke.de\/wp-content\/gallery\/foto-galerie\/thumbs\/thumbs_ausstattungpraesidentenkette.jpg\"\n                    width=\"240\"\n                    height=\"160\"\n                    style=\"max-width:100%;\"\n                \/>\n            <\/a>\n        <\/div>\n\t\t\t\t\t\t\t<\/div> \n\t\t\t\n        \n\t\t\t\t<div id=\"ngg-image-11\" class=\"ngg-gallery-thumbnail-box\" >\n\t\t\t\t        <div class=\"ngg-gallery-thumbnail\">\n            <a href=\"http:\/\/mobil.schuetzenverein-damaschke.de\/wp-content\/gallery\/foto-galerie\/ausstattungstandartehinten.jpg\"\n               title=\"R\u00fcckseite\"\n               data-src=\"http:\/\/mobil.schuetzenverein-damaschke.de\/wp-content\/gallery\/foto-galerie\/ausstattungstandartehinten.jpg\"\n               data-thumbnail=\"http:\/\/mobil.schuetzenverein-damaschke.de\/wp-content\/gallery\/foto-galerie\/thumbs\/thumbs_ausstattungstandartehinten.jpg\"\n               data-image-id=\"12\"\n               data-title=\"Standarte\"\n               data-description=\"R\u00fcckseite\"\n               data-image-slug=\"ausstattungstandartehinten\"\n               class=\"ngg-fancybox\" rel=\"f7f2462e2b486925648d414034a04f09\">\n                <img\n                    title=\"Standarte\"\n                    alt=\"Standarte\"\n                    src=\"http:\/\/mobil.schuetzenverein-damaschke.de\/wp-content\/gallery\/foto-galerie\/thumbs\/thumbs_ausstattungstandartehinten.jpg\"\n                    width=\"240\"\n                    height=\"160\"\n                    style=\"max-width:100%;\"\n                \/>\n            <\/a>\n        <\/div>\n\t\t\t\t\t\t\t<\/div> \n\t\t\t\n        \n\t\t\t\t<div id=\"ngg-image-12\" class=\"ngg-gallery-thumbnail-box\" >\n\t\t\t\t        <div class=\"ngg-gallery-thumbnail\">\n            <a href=\"http:\/\/mobil.schuetzenverein-damaschke.de\/wp-content\/gallery\/foto-galerie\/ausstattungstandartevorne.jpg\"\n               title=\"Vorderseite\"\n               data-src=\"http:\/\/mobil.schuetzenverein-damaschke.de\/wp-content\/gallery\/foto-galerie\/ausstattungstandartevorne.jpg\"\n               data-thumbnail=\"http:\/\/mobil.schuetzenverein-damaschke.de\/wp-content\/gallery\/foto-galerie\/thumbs\/thumbs_ausstattungstandartevorne.jpg\"\n               data-image-id=\"13\"\n               data-title=\"Standarte\"\n               data-description=\"Vorderseite\"\n               data-image-slug=\"ausstattungstandartevorne\"\n               class=\"ngg-fancybox\" rel=\"f7f2462e2b486925648d414034a04f09\">\n                <img\n                    title=\"Standarte\"\n                    alt=\"Standarte\"\n                    src=\"http:\/\/mobil.schuetzenverein-damaschke.de\/wp-content\/gallery\/foto-galerie\/thumbs\/thumbs_ausstattungstandartevorne.jpg\"\n                    width=\"240\"\n                    height=\"160\"\n                    style=\"max-width:100%;\"\n                \/>\n            <\/a>\n        <\/div>\n\t\t\t\t\t\t\t<\/div> \n\t\t\t\n        \n\t\t\t\t<div id=\"ngg-image-13\" class=\"ngg-gallery-thumbnail-box\" >\n\t\t\t\t        <div class=\"ngg-gallery-thumbnail\">\n            <a href=\"http:\/\/mobil.schuetzenverein-damaschke.de\/wp-content\/gallery\/foto-galerie\/ausstattungthron.jpg\"\n               title=\"Seit 2002 sitzen unsere Majest\u00e4ten standesgem\u00e4\u00df.\"\n               data-src=\"http:\/\/mobil.schuetzenverein-damaschke.de\/wp-content\/gallery\/foto-galerie\/ausstattungthron.jpg\"\n               data-thumbnail=\"http:\/\/mobil.schuetzenverein-damaschke.de\/wp-content\/gallery\/foto-galerie\/thumbs\/thumbs_ausstattungthron.jpg\"\n               data-image-id=\"14\"\n               data-title=\"Thron\"\n               data-description=\"Seit 2002 sitzen unsere Majest\u00e4ten standesgem\u00e4\u00df.\"\n               data-image-slug=\"ausstattungthron\"\n               class=\"ngg-fancybox\" rel=\"f7f2462e2b486925648d414034a04f09\">\n                <img\n                    title=\"Thron\"\n                    alt=\"Thron\"\n                    src=\"http:\/\/mobil.schuetzenverein-damaschke.de\/wp-content\/gallery\/foto-galerie\/thumbs\/thumbs_ausstattungthron.jpg\"\n                    width=\"240\"\n                    height=\"160\"\n                    style=\"max-width:100%;\"\n                \/>\n            <\/a>\n        <\/div>\n\t\t\t\t\t\t\t<\/div> \n\t\t\t\n        \n\t\t\t\t<div id=\"ngg-image-14\" class=\"ngg-gallery-thumbnail-box\" >\n\t\t\t\t        <div class=\"ngg-gallery-thumbnail\">\n            <a href=\"http:\/\/mobil.schuetzenverein-damaschke.de\/wp-content\/gallery\/foto-galerie\/ausstattungthrondecke.jpg\"\n               title=\"Die Tischdecke f\u00fcr den Thron ist eine Handarbeit.\"\n               data-src=\"http:\/\/mobil.schuetzenverein-damaschke.de\/wp-content\/gallery\/foto-galerie\/ausstattungthrondecke.jpg\"\n               data-thumbnail=\"http:\/\/mobil.schuetzenverein-damaschke.de\/wp-content\/gallery\/foto-galerie\/thumbs\/thumbs_ausstattungthrondecke.jpg\"\n               data-image-id=\"15\"\n               data-title=\"Throntischdecke\"\n               data-description=\"Die Tischdecke f\u00fcr den Thron ist eine Handarbeit.\"\n               data-image-slug=\"ausstattungthrondecke\"\n               class=\"ngg-fancybox\" rel=\"f7f2462e2b486925648d414034a04f09\">\n                <img\n                    title=\"Throntischdecke\"\n                    alt=\"Throntischdecke\"\n                    src=\"http:\/\/mobil.schuetzenverein-damaschke.de\/wp-content\/gallery\/foto-galerie\/thumbs\/thumbs_ausstattungthrondecke.jpg\"\n                    width=\"240\"\n                    height=\"160\"\n                    style=\"max-width:100%;\"\n                \/>\n            <\/a>\n        <\/div>\n\t\t\t\t\t\t\t<\/div> \n\t\t\t\n        \n\t\t\n\t\t<!-- Pagination -->\n\t<div class='ngg-clear'><\/div>\t<\/div>\n\n","protected":false},"excerpt":{"rendered":"<p>&#8220; order_by=&#8220;sortorder&#8220; order_direction=&#8220;ASC&#8220; returns=&#8220;included&#8220; maximum_entity_count=&#8220;500&#8243;]<\/p>\n","protected":false},"author":1,"featured_media":0,"parent":0,"menu_order":0,"comment_status":"closed","ping_status":"closed","template":"","meta":{"ngg_post_thumbnail":0},"_links":{"self":[{"href":"http:\/\/mobil.schuetzenverein-damaschke.de\/index.php?rest_route=\/wp\/v2\/pages\/392"}],"collection":[{"href":"http:\/\/mobil.schuetzenverein-damaschke.de\/index.php?rest_route=\/wp\/v2\/pages"}],"about":[{"href":"http:\/\/mobil.schuetzenverein-damaschke.de\/index.php?rest_route=\/wp\/v2\/types\/page"}],"author":[{"embeddable":true,"href":"http:\/\/mobil.schuetzenverein-damaschke.de\/index.php?rest_route=\/wp\/v2\/users\/1"}],"replies":[{"embeddable":true,"href":"http:\/\/mobil.schuetzenverein-damaschke.de\/index.php?rest_route=%2Fwp%2Fv2%2Fcomments&post=392"}],"version-history":[{"count":5,"href":"http:\/\/mobil.schuetzenverein-damaschke.de\/index.php?rest_route=\/wp\/v2\/pages\/392\/revisions"}],"predecessor-version":[{"id":437,"href":"http:\/\/mobil.schuetzenverein-damaschke.de\/index.php?rest_route=\/wp\/v2\/pages\/392\/revisions\/437"}],"wp:attachment":[{"href":"http:\/\/mobil.schuetzenverein-damaschke.de\/index.php?rest_route=%2Fwp%2Fv2%2Fmedia&parent=392"}],"curies":[{"name":"wp","href":"https:\/\/api.w.org\/{rel}","templated":true}]}}